{"id":3902,"date":"2018-09-24T17:44:16","date_gmt":"2018-09-24T14:44:16","guid":{"rendered":"http:\/\/www.ifturquie.org\/izmir\/examens-et-diplomes\/preparation-aux-examens\/"},"modified":"2021-03-10T16:41:22","modified_gmt":"2021-03-10T13:41:22","slug":"preparation-aux-examens","status":"publish","type":"page","link":"https:\/\/www.ifturquie.org\/fr\/izmir\/examens-et-diplomes\/preparation-aux-examens\/","title":{"rendered":"Pr\u00e9paration aux examens"},"content":{"rendered":"<div class=\"wpb-content-wrapper\"><p>[vc_section css=&#8221;.vc_custom_1615383673823{margin-top: 0px !important;margin-bottom: 0px !important;padding-top: 0px !important;padding-right: 0px !important;padding-bottom: 0px !important;padding-left: 0px !important;}&#8221; el_class=&#8221;container_1110&#8243;][vc_row][vc_column width=&#8221;1\/2&#8243;][vc_row_inner css=&#8221;.vc_custom_1531909257469{margin-top: 0px !important;margin-right: 0px !important;margin-bottom: 0px !important;margin-left: 0px !important;padding-top: 0px !important;padding-right: 0px !important;padding-bottom: 0px !important;padding-left: 0px !important;}&#8221; el_class=&#8221;max_width_600 right_block&#8221;][vc_column_inner][vc_custom_heading text=&#8221;Pr\u00e9paration aux examens&#8221; google_fonts=&#8221;font_family:Montserrat%3Aregular%2C700|font_style:700%20bold%20regular%3A700%3Anormal&#8221;][vc_column_text css=&#8221;.vc_custom_1532679926486{margin-top: 45px !important;margin-right: 0px !important;margin-left: 0px !important;padding-right: 120px !important;padding-left: 0px !important;}&#8221;]L\u2019Institut fran\u00e7ais, centre officiel des examens de langue fran\u00e7aise en Turquie, a mis en place un programme qui vous accompagnera dans la pr\u00e9paration des examens. Nos professeurs diagnostiqueront vos forces et vous aideront \u00e0 surmonter vos \u00e9ventuelles difficult\u00e9s. Ils vous permettront d\u2019approfondir vos comp\u00e9tences et de ma\u00eetriser les crit\u00e8res essentiels des examens.<\/p>\n<h3><strong>Examens DELF \/ DALF<\/strong><\/h3>\n<p>Public\u00a0: Ce cours s\u2019adresse \u00e0 toute personne souhaitant valider ses comp\u00e9tences en fran\u00e7ais par les dipl\u00f4mes officiels d\u00e9livr\u00e9s par le minist\u00e8re fran\u00e7ais de l\u2019Education nationale : le DELF (Dipl\u00f4me d\u2019\u00e9tudes en langue fran\u00e7aise) et le DALF (Dipl\u00f4me approfondi de langue fran\u00e7aise).<\/p>\n<p>Selon votre niveau de fran\u00e7ais, pr\u00e9parez un des dipl\u00f4mes suivants :<br \/>\nDELF A1 : niveau \u00e9l\u00e9mentaire<br \/>\nDELF A2 : niveau \u00e9l\u00e9mentaire avanc\u00e9<br \/>\nDELF B1 : niveau interm\u00e9diaire<br \/>\nDELF B2 : niveau interm\u00e9diaire avanc\u00e9<br \/>\nDALF C1 : niveau exp\u00e9riment\u00e9<br \/>\nDALF C2 : niveau exp\u00e9riment\u00e9 avanc\u00e9<\/p>\n<p>L\u2019objectif de ce cours est de pr\u00e9parer les candidats aux \u00e9preuves dans les quatre comp\u00e9tences \u00e9valu\u00e9es \u00e0 l\u2019examen : compr\u00e9hension orale, compr\u00e9hension \u00e9crite, expression orale, expression \u00e9crite. Il vise particuli\u00e8rement \u00e0 d\u00e9velopper des comp\u00e9tences communicatives, linguistiques et m\u00e9thodologiques pour mieux aborder l\u2019examen.\u00a0Le cours sera bas\u00e9 sur des exemples type d\u2019examen, des exercices et des activit\u00e9s accompagn\u00e9s de techniques, de conseils et de corrections personnalis\u00e9s pour r\u00e9ussir les 4 \u00e9preuves de l\u2019examen vis\u00e9.[\/vc_column_text][vc_single_image image=&#8221;2295&#8243; img_size=&#8221;full&#8221; css=&#8221;.vc_custom_1532521984849{margin-bottom: -150px !important;padding-bottom: 0px !important;}&#8221;][\/vc_column_inner][\/vc_row_inner][vc_row_inner][vc_column_inner][vc_raw_html]PGRpdiBzdHlsZT0iY2xlYXI6Ym90aDsiPjwvZGl2Pg==[\/vc_raw_html][\/vc_column_inner][\/vc_row_inner][vc_row_inner css=&#8221;.vc_custom_1531909392132{background-color: #dee9f4 !important;}&#8221;][vc_column_inner][vc_column_text css=&#8221;.vc_custom_1532522050788{margin-right: 0px !important;margin-left: 0px !important;padding-top: 120px !important;padding-right: 120px !important;padding-bottom: 60px !important;padding-left: 15px !important;}&#8221; el_class=&#8221;max_width_600 right_block&#8221;]<\/p>\n<h3>Cours de pr\u00e9paration \u2013 Bac de fran\u00e7ais<\/h3>\n<p>Le cours vise \u00e0 donner des cl\u00e9s m\u00e9thodologiques et \u00e0 renforcer les connaissances litt\u00e9raires des \u00e9tudiants afin qu\u2019ils appr\u00e9hendent au mieux les \u00e9preuves \u00e9crites et orales du baccalaur\u00e9at de fran\u00e7ais.<\/p>\n<h5><strong>Programme\u00a0:<\/strong><\/h5>\n<ul>\n<li>M\u00e9thodologie du commentaire compos\u00e9 et de la dissertation litt\u00e9raires.<\/li>\n<li>R\u00e9vision des \u00e9l\u00e9ments d\u2019analyse litt\u00e9raire<\/li>\n<li>Entra\u00eenement \u00e0 l\u2019oral de fran\u00e7ais<\/li>\n<li>R\u00e9visions de la syntaxe fran\u00e7aise<\/li>\n<li>Ressources et outils<\/li>\n<\/ul>\n<h3>Concours national d\u2019entr\u00e9e\u00a0\u00e0 l\u2019universit\u00e9 \/ LYS<\/h3>\n<p>Ce cours vise \u00e0 donner des cl\u00e9s m\u00e9thodologiques et \u00e0 renforcer les connaissances en langue fran\u00e7aise des \u00e9tudiants afin qu\u2019ils appr\u00e9hendent au mieux les \u00e9preuves \u00e9crites de l\u2019examen LYS.<\/p>\n<h3>Examen universitaire YDS<\/h3>\n<p>Ce cours vise \u00e0 donner des cl\u00e9s m\u00e9thodologiques et \u00e0 renforcer les connaissances en langue fran\u00e7aise des \u00e9tudiants afin qu\u2019ils appr\u00e9hendent au mieux les \u00e9preuves de l\u2019examen YDS.[\/vc_column_text][\/vc_column_inner][\/vc_row_inner][\/vc_column][vc_column width=&#8221;1\/2&#8243; css=&#8221;.vc_custom_1532522038835{margin-top: 0px !important;margin-right: 0px !important;margin-bottom: 0px !important;margin-left: 0px !important;padding-top: 0px !important;padding-right: 0px !important;padding-bottom: 0px !important;padding-left: 0px !important;background-color: #c1cec0 !important;}&#8221;][vc_single_image image=&#8221;2296&#8243; img_size=&#8221;full&#8221; css=&#8221;.vc_custom_1532522203805{margin-top: 0px !important;margin-right: 0px !important;margin-bottom: 0px !important;margin-left: 0px !important;padding-top: 0px !important;padding-right: 0px !important;padding-bottom: 0px !important;padding-left: 0px !important;}&#8221;][vc_row_inner css=&#8221;.vc_custom_1531906969267{margin-top: 0px !important;margin-right: 0px !important;margin-bottom: 0px !important;margin-left: 0px !important;padding-top: 0px !important;padding-right: 0px !important;padding-bottom: 0px !important;padding-left: 0px !important;}&#8221; el_class=&#8221;max_width_600&#8243;][vc_column_inner][vc_column_text css=&#8221;.vc_custom_1532522022515{padding-top: 70px !important;padding-right: 20px !important;padding-bottom: 30px !important;padding-left: 70px !important;}&#8221;]<\/p>\n<h3><strong>Examens TCF<\/strong><\/h3>\n<p>Public\u00a0: Ce cours s\u2019adresse \u00e0 toute personne souhaitant d\u00e9velopper ses comp\u00e9tences en langue fran\u00e7aise et se pr\u00e9parer aux \u00e9preuves du TCF.<\/p>\n<p>L\u2019objectif est d\u2019acqu\u00e9rir une rapidit\u00e9 de compr\u00e9hension et d\u2019analyse de textes \u00e9crits et oraux, obtenir des r\u00e9flexes linguistiques et m\u00e9thodologiques, d\u00e9velopper des comp\u00e9tences linguistiques.\u00a0Il s\u2019agit d\u2019un entra\u00eenement intensif aux \u00e9preuves \u00e0 travers des exercices de types examens et des activit\u00e9s vari\u00e9es accompagn\u00e9s de conseils et de corrections personnalis\u00e9s.<\/p>\n<h3><strong>Examens TEF<\/strong><\/h3>\n<p>Public\u00a0: Ce cours s\u2019adresse \u00e0 toute personne souhaitant d\u00e9velopper ses comp\u00e9tences en langue fran\u00e7aise et se pr\u00e9parer aux \u00e9preuves du TEF.<\/p>\n<p>L\u2019objectif est d\u2019acqu\u00e9rir une rapidit\u00e9 de compr\u00e9hension et d\u2019analyse de textes \u00e9crits et oraux, obtenir des r\u00e9flexes linguistiques et m\u00e9thodologiques, d\u00e9velopper des comp\u00e9tences linguistiques.\u00a0Il s\u2019agit d\u2019un entra\u00eenement intensif aux \u00e9preuves \u00e0 travers des exercices de types examens et des activit\u00e9s vari\u00e9es accompagn\u00e9s de conseils et de corrections personnalis\u00e9s.[\/vc_column_text][\/vc_column_inner][\/vc_row_inner][vc_row_inner][vc_column_inner][vc_raw_html]PGRpdiBzdHlsZT0iY2xlYXI6Ym90aDsiPjwvZGl2Pg==[\/vc_raw_html][\/vc_column_inner][\/vc_row_inner][vc_row_inner css=&#8221;.vc_custom_1531911741932{margin: 0px !important;padding: 0px !important;background-color: #ffffff !important;}&#8221;][vc_column_inner][vc_single_image image=&#8221;2288&#8243; img_size=&#8221;full&#8221; css=&#8221;.vc_custom_1532522234563{margin-top: 0px !important;margin-right: 0px !important;margin-bottom: 0px !important;margin-left: 0px !important;padding-top: 0px !important;padding-right: 0px !important;padding-bottom: 0px !important;padding-left: 0px !important;}&#8221;][\/vc_column_inner][\/vc_row_inner][\/vc_column][\/vc_row][\/vc_section]<\/p>\n<\/div>","protected":false},"excerpt":{"rendered":"<p>[vc_section css=&#8221;.vc_custom_1615383673823{margin-top: 0px !important;margin-bottom: 0px !important;padding-top: 0px !important;padding-right: 0px !important;padding-bottom: 0px !important;padding-left: 0px !important;}&#8221; el_class=&#8221;container_1110&#8243;][vc_row][vc_column width=&#8221;1\/2&#8243;][vc_row_inner css=&#8221;.vc_custom_1531909257469{margin-top: 0px !important;margin-right: 0px !important;margin-bottom: 0px !important;margin-left: 0px !important;padding-top: 0px !important;padding-right: 0px !important;padding-bottom: 0px !important;padding-left: 0px !important;}&#8221; el_class=&#8221;max_width_600 right_block&#8221;][vc_column_inner][vc_custom_heading text=&#8221;Pr\u00e9paration aux examens&#8221; google_fonts=&#8221;font_family:Montserrat%3Aregular%2C700|font_style:700%20bold%20regular%3A700%3Anormal&#8221;][vc_column_text css=&#8221;.vc_custom_1532679926486{margin-top: 45px !important;margin-right: 0px !important;margin-left: 0px !important;padding-right: 120px !important;padding-left: 0px !important;}&#8221;]L\u2019Institut fran\u00e7ais, centre officiel des examens [&hellip;]<\/p>\n","protected":false},"author":2,"featured_media":0,"parent":3848,"menu_order":0,"comment_status":"closed","ping_status":"closed","template":"new-page-template.php","meta":{"_acf_changed":false,"h5ap_radio_sources":[],"footnotes":""},"class_list":["post-3902","page","type-page","status-publish","hentry"],"acf":[],"_links":{"self":[{"href":"https:\/\/www.ifturquie.org\/fr\/wp-json\/wp\/v2\/pages\/3902","targetHints":{"allow":["GET"]}}],"collection":[{"href":"https:\/\/www.ifturquie.org\/fr\/wp-json\/wp\/v2\/pages"}],"about":[{"href":"https:\/\/www.ifturquie.org\/fr\/wp-json\/wp\/v2\/types\/page"}],"author":[{"embeddable":true,"href":"https:\/\/www.ifturquie.org\/fr\/wp-json\/wp\/v2\/users\/2"}],"replies":[{"embeddable":true,"href":"https:\/\/www.ifturquie.org\/fr\/wp-json\/wp\/v2\/comments?post=3902"}],"version-history":[{"count":2,"href":"https:\/\/www.ifturquie.org\/fr\/wp-json\/wp\/v2\/pages\/3902\/revisions"}],"predecessor-version":[{"id":16965,"href":"https:\/\/www.ifturquie.org\/fr\/wp-json\/wp\/v2\/pages\/3902\/revisions\/16965"}],"up":[{"embeddable":true,"href":"https:\/\/www.ifturquie.org\/fr\/wp-json\/wp\/v2\/pages\/3848"}],"wp:attachment":[{"href":"https:\/\/www.ifturquie.org\/fr\/wp-json\/wp\/v2\/media?parent=3902"}],"curies":[{"name":"wp","href":"https:\/\/api.w.org\/{rel}","templated":true}]}}